{"id":44,"date":"2020-03-04T08:58:56","date_gmt":"2020-03-04T07:58:56","guid":{"rendered":"https:\/\/www.sehlberg.net\/ulla-undrar\/?page_id=44"},"modified":"2022-01-04T11:09:43","modified_gmt":"2022-01-04T10:09:43","slug":"hem","status":"publish","type":"page","link":"https:\/\/www.sehlberg.net\/ulla-undrar\/","title":{"rendered":"Hem"},"content":{"rendered":"\n<div class=\"wp-block-columns is-layout-flex wp-container-core-columns-is-layout-9d6595d7 wp-block-columns-is-layout-flex\">\n<div class=\"wp-block-column is-layout-flow wp-block-column-is-layout-flow\" style=\"flex-basis:60%\">\n<p>I mars 2020 s\u00e5 l\u00e4mnade jag yrkeslivet och blev pension\u00e4r.  I kalendern finns numera inte en massa m\u00f6ten\/sammantr\u00e4den inplanerade. Men jag har fortfarande planer och en av dem \u00e4r att skriva. <\/p>\n\n\n\n<p>I min blogg kan du l\u00e4sa om mina undringar, men ocks\u00e5 f\u00f6lja med i en del kortare och l\u00e4ngre texter jag skrivit. <\/p>\n<\/div>\n\n\n\n<div class=\"wp-block-column is-layout-flow wp-block-column-is-layout-flow\" style=\"flex-basis:40%\">\n<div class=\"wp-block-image\"><figure class=\"aligncenter size-medium\"><img loading=\"lazy\" decoding=\"async\" width=\"300\" height=\"225\" src=\"https:\/\/www.sehlberg.net\/ulla-undrar\/wp-content\/uploads\/2020\/03\/ulla-300x225.jpg\" alt=\"\" class=\"wp-image-237\" srcset=\"https:\/\/www.sehlberg.net\/ulla-undrar\/wp-content\/uploads\/2020\/03\/ulla-300x225.jpg 300w, https:\/\/www.sehlberg.net\/ulla-undrar\/wp-content\/uploads\/2020\/03\/ulla-768x576.jpg 768w, https:\/\/www.sehlberg.net\/ulla-undrar\/wp-content\/uploads\/2020\/03\/ulla.jpg 1024w\" sizes=\"auto, (max-width: 300px) 100vw, 300px\" \/><\/figure><\/div>\n<\/div>\n<\/div>\n\n\n\n<p>Vill du f\u00f6lja med p\u00e5 min resa? H\u00e4ng med i min <a href=\"https:\/\/www.sehlberg.net\/ulla-undrar\/blogg\/\">BLOGG<\/a> h\u00e4r d\u00e5!<br>Vill du vara s\u00e4ker att inte missa n\u00e5got, kan du <a href=\"https:\/\/www.sehlberg.net\/ulla-undrar\/prenumerera\/\">anm\u00e4la dig f\u00f6r aviseringar<\/a> n\u00e4r jag lagt upp nya inl\u00e4gg. <\/p>\n\n\n\n<hr class=\"wp-block-separator is-style-wide\"\/>\n\n\n\n<h2 class=\"has-text-align-center wp-block-heading\">Senaste inl\u00e4ggen<\/h2>\n\n\n\t\t<div class=\"wppsac-wrap wppsac-slick-slider-wrp wppsac-clearfix \" data-conf=\"{&quot;dots&quot;:&quot;false&quot;,&quot;arrows&quot;:&quot;true&quot;,&quot;autoplay&quot;:&quot;true&quot;,&quot;autoplay_interval&quot;:3000,&quot;speed&quot;:500,&quot;rtl&quot;:&quot;false&quot;,&quot;lazyload&quot;:&quot;&quot;}\">\r\n\t\t\t<div id=\"wppsac-post-slider-1\" class=\"wppsac-post-slider-init wppsac-post-slider design-2\">\r\n\t\t\t\t<div class=\"wppsac-post-slides\">\r\n\t<div class=\"wppsac-post-content-position\">\r\n\t\t<div class=\"wppsac-post-content-left wp-medium-6 wpcolumns\">\r\n\t\t\t<div class=\"wppsac-post-inner-content\">\r\n\t\t\t\t\t\t\t\t<div class=\"wppsac-post-categories\"><ul class=\"wppsac-post-categories-list\"><li><a href=\"https:\/\/www.sehlberg.net\/ulla-undrar\/category\/livet\/\">Livet<\/a><\/li><\/ul><\/div>\r\n\t\t\t\t\r\n\t\t\t\t<h2 class=\"wppsac-post-title\">\r\n\t\t\t\t\t<a href=\"https:\/\/www.sehlberg.net\/ulla-undrar\/begravning-ger-nya-insikter\/\">Begravning &#8211; ger nya insikter<\/a>\r\n\t\t\t\t<\/h2>\r\n\r\n\t\t\t\t\t\t\t\t\t<div class=\"wppsac-post-date\">\r\n\t\t\t\t\t\t \r\n\t\t\t\t\t\t<span>By Ulla Sehlberg<\/span>\r\n\t\t\t\t\t\t \/ 11 december, 2025\t\t\t\t\t<\/div>\r\n\t\t\t\t\t\t\t\t<div class=\"wppsac-post-content\">\r\n\t\t\t\t\t<div class=\"wppsac-sub-content\">En snabb visit i Ume\u00e5. Fick l\u00e5na ett rum av mitt barnbarn. Hon hade dessutom ritat en skylt p\u00e5 d\u00f6rren, s\u00e5 jag skulle veta var jag skulle bo. Det var en begravning av en god v\u00e4n. Det var mycket k\u00e4nslosamt...<\/div>\r\n\r\n\t\t\t\t\t\t\t\t\t\t<a class=\"wppsac-readmorebtn\" href=\"https:\/\/www.sehlberg.net\/ulla-undrar\/begravning-ger-nya-insikter\/\">Read More<\/a>\r\n\t\t\t\t\t\t\t\t\t<\/div>\r\n\t\t\t\t\t\t\t<\/div>\r\n\t\t<\/div>\r\n\t\t<div class=\"wppsac-post-image-bg\">\r\n\t\t\t<a href=\"https:\/\/www.sehlberg.net\/ulla-undrar\/begravning-ger-nya-insikter\/\">\r\n\t\t\t\t\t\t\t\t<img decoding=\"async\" class=\"wppsac-post-image\"  src=\"https:\/\/www.sehlberg.net\/ulla-undrar\/wp-content\/uploads\/2025\/12\/IMG_7896-scaled.jpeg\" alt=\"Begravning &#8211; ger nya insikter\" \/>\r\n\t\t\t\t\t\t\t<\/a>\r\n\t\t<\/div>\r\n\t<\/div>\r\n<\/div><div class=\"wppsac-post-slides\">\r\n\t<div class=\"wppsac-post-content-position\">\r\n\t\t<div class=\"wppsac-post-content-left wp-medium-6 wpcolumns\">\r\n\t\t\t<div class=\"wppsac-post-inner-content\">\r\n\t\t\t\t\t\t\t\t<div class=\"wppsac-post-categories\"><ul class=\"wppsac-post-categories-list\"><li><a href=\"https:\/\/www.sehlberg.net\/ulla-undrar\/category\/flytt\/\">Flytt<\/a><\/li><\/ul><\/div>\r\n\t\t\t\t\r\n\t\t\t\t<h2 class=\"wppsac-post-title\">\r\n\t\t\t\t\t<a href=\"https:\/\/www.sehlberg.net\/ulla-undrar\/flytt-del-14-pa-plats\/\">Flytt &#8211; Del 14 &#8211; P\u00e5 plats!<\/a>\r\n\t\t\t\t<\/h2>\r\n\r\n\t\t\t\t\t\t\t\t\t<div class=\"wppsac-post-date\">\r\n\t\t\t\t\t\t \r\n\t\t\t\t\t\t<span>By Ulla Sehlberg<\/span>\r\n\t\t\t\t\t\t \/ 15 oktober, 2025\t\t\t\t\t<\/div>\r\n\t\t\t\t\t\t\t\t<div class=\"wppsac-post-content\">\r\n\t\t\t\t\t<div class=\"wppsac-sub-content\">F\u00f6r en vecka sedan kom v\u00e5ra flyttsaker hit till Malm\u00f6. Intensiva dagar, m\u00e5nga l\u00e5dor och m\u00e5nga s\u00f6kningar. Men vi kan ju b\u00f6rja med resan ned. Vi \u00e5kte p\u00e5 torsdag eftermiddag till Sundsvall.En kort tripp, men vi var ganska tr\u00f6tta och...<\/div>\r\n\r\n\t\t\t\t\t\t\t\t\t\t<a class=\"wppsac-readmorebtn\" href=\"https:\/\/www.sehlberg.net\/ulla-undrar\/flytt-del-14-pa-plats\/\">Read More<\/a>\r\n\t\t\t\t\t\t\t\t\t<\/div>\r\n\t\t\t\t\t\t\t<\/div>\r\n\t\t<\/div>\r\n\t\t<div class=\"wppsac-post-image-bg\">\r\n\t\t\t<a href=\"https:\/\/www.sehlberg.net\/ulla-undrar\/flytt-del-14-pa-plats\/\">\r\n\t\t\t\t\t\t\t\t<img decoding=\"async\" class=\"wppsac-post-image\"  src=\"https:\/\/www.sehlberg.net\/ulla-undrar\/wp-content\/uploads\/2025\/10\/IMG_7777-scaled.jpeg\" alt=\"Flytt &#8211; Del 14 &#8211; P\u00e5 plats!\" \/>\r\n\t\t\t\t\t\t\t<\/a>\r\n\t\t<\/div>\r\n\t<\/div>\r\n<\/div><div class=\"wppsac-post-slides\">\r\n\t<div class=\"wppsac-post-content-position\">\r\n\t\t<div class=\"wppsac-post-content-left wp-medium-6 wpcolumns\">\r\n\t\t\t<div class=\"wppsac-post-inner-content\">\r\n\t\t\t\t\t\t\t\t<div class=\"wppsac-post-categories\"><ul class=\"wppsac-post-categories-list\"><li><a href=\"https:\/\/www.sehlberg.net\/ulla-undrar\/category\/flytt\/\">Flytt<\/a><\/li><\/ul><\/div>\r\n\t\t\t\t\r\n\t\t\t\t<h2 class=\"wppsac-post-title\">\r\n\t\t\t\t\t<a href=\"https:\/\/www.sehlberg.net\/ulla-undrar\/flytt-del-13-sista-rycket\/\">Flytt &#8211; Del 13 &#8211; Sista rycket!<\/a>\r\n\t\t\t\t<\/h2>\r\n\r\n\t\t\t\t\t\t\t\t\t<div class=\"wppsac-post-date\">\r\n\t\t\t\t\t\t \r\n\t\t\t\t\t\t<span>By Ulla Sehlberg<\/span>\r\n\t\t\t\t\t\t \/ 29 september, 2025\t\t\t\t\t<\/div>\r\n\t\t\t\t\t\t\t\t<div class=\"wppsac-post-content\">\r\n\t\t\t\t\t<div class=\"wppsac-sub-content\">Vi har nu f\u00e5tt ett datum av flyttfirman, n\u00e4r de kommer och t\u00f6mmer. Det inneb\u00e4r att vi kan planera b\u00e4ttre. F\u00f6rutom att allt ska vara packat innan de kommer, s\u00e5 ska vattenl\u00e5sen reng\u00f6ras, f\u00f6rr\u00e5det och balkongen st\u00e4das. Detta g\u00f6r n\u00e4mligen...<\/div>\r\n\r\n\t\t\t\t\t\t\t\t\t\t<a class=\"wppsac-readmorebtn\" href=\"https:\/\/www.sehlberg.net\/ulla-undrar\/flytt-del-13-sista-rycket\/\">Read More<\/a>\r\n\t\t\t\t\t\t\t\t\t<\/div>\r\n\t\t\t\t\t\t\t<\/div>\r\n\t\t<\/div>\r\n\t\t<div class=\"wppsac-post-image-bg\">\r\n\t\t\t<a href=\"https:\/\/www.sehlberg.net\/ulla-undrar\/flytt-del-13-sista-rycket\/\">\r\n\t\t\t\t\t\t\t\t<img decoding=\"async\" class=\"wppsac-post-image\"  src=\"https:\/\/www.sehlberg.net\/ulla-undrar\/wp-content\/uploads\/2025\/09\/IMG_5924-scaled.jpeg\" alt=\"Flytt &#8211; Del 13 &#8211; Sista rycket!\" \/>\r\n\t\t\t\t\t\t\t<\/a>\r\n\t\t<\/div>\r\n\t<\/div>\r\n<\/div><div class=\"wppsac-post-slides\">\r\n\t<div class=\"wppsac-post-content-position\">\r\n\t\t<div class=\"wppsac-post-content-left wp-medium-6 wpcolumns\">\r\n\t\t\t<div class=\"wppsac-post-inner-content\">\r\n\t\t\t\t\t\t\t\t<div class=\"wppsac-post-categories\"><ul class=\"wppsac-post-categories-list\"><li><a href=\"https:\/\/www.sehlberg.net\/ulla-undrar\/category\/flytt\/\">Flytt<\/a><\/li><\/ul><\/div>\r\n\t\t\t\t\r\n\t\t\t\t<h2 class=\"wppsac-post-title\">\r\n\t\t\t\t\t<a href=\"https:\/\/www.sehlberg.net\/ulla-undrar\/flytt-del-12-luncher\/\">Flytt &#8211; Del 12 &#8211; Luncher!<\/a>\r\n\t\t\t\t<\/h2>\r\n\r\n\t\t\t\t\t\t\t\t\t<div class=\"wppsac-post-date\">\r\n\t\t\t\t\t\t \r\n\t\t\t\t\t\t<span>By Ulla Sehlberg<\/span>\r\n\t\t\t\t\t\t \/ 24 september, 2025\t\t\t\t\t<\/div>\r\n\t\t\t\t\t\t\t\t<div class=\"wppsac-post-content\">\r\n\t\t\t\t\t<div class=\"wppsac-sub-content\">Bland det viktigaste I Ume\u00e5 \u00e4r alla bekanta jag f\u00e5tt. H\u00e4rliga och fina m\u00e4nniskor. Min plan var att tr\u00e4ffa s\u00e5 m\u00e5nga som m\u00f6jligt innan vi flyttade, men allt blir inte som man t\u00e4nkt.Min tand som sp\u00f6kat n\u00e4stan hela sommaren och...<\/div>\r\n\r\n\t\t\t\t\t\t\t\t\t\t<a class=\"wppsac-readmorebtn\" href=\"https:\/\/www.sehlberg.net\/ulla-undrar\/flytt-del-12-luncher\/\">Read More<\/a>\r\n\t\t\t\t\t\t\t\t\t<\/div>\r\n\t\t\t\t\t\t\t<\/div>\r\n\t\t<\/div>\r\n\t\t<div class=\"wppsac-post-image-bg\">\r\n\t\t\t<a href=\"https:\/\/www.sehlberg.net\/ulla-undrar\/flytt-del-12-luncher\/\">\r\n\t\t\t\t\t\t\t\t<img decoding=\"async\" class=\"wppsac-post-image\"  src=\"https:\/\/www.sehlberg.net\/ulla-undrar\/wp-content\/uploads\/2024\/03\/paus.jpeg\" alt=\"Flytt &#8211; Del 12 &#8211; Luncher!\" \/>\r\n\t\t\t\t\t\t\t<\/a>\r\n\t\t<\/div>\r\n\t<\/div>\r\n<\/div><div class=\"wppsac-post-slides\">\r\n\t<div class=\"wppsac-post-content-position\">\r\n\t\t<div class=\"wppsac-post-content-left wp-medium-6 wpcolumns\">\r\n\t\t\t<div class=\"wppsac-post-inner-content\">\r\n\t\t\t\t\t\t\t\t<div class=\"wppsac-post-categories\"><ul class=\"wppsac-post-categories-list\"><li><a href=\"https:\/\/www.sehlberg.net\/ulla-undrar\/category\/flytt\/\">Flytt<\/a><\/li><\/ul><\/div>\r\n\t\t\t\t\r\n\t\t\t\t<h2 class=\"wppsac-post-title\">\r\n\t\t\t\t\t<a href=\"https:\/\/www.sehlberg.net\/ulla-undrar\/flytt-del-11-rastloshet\/\">Flytt &#8211; Del 11 &#8211; Rastl\u00f6shet!<\/a>\r\n\t\t\t\t<\/h2>\r\n\r\n\t\t\t\t\t\t\t\t\t<div class=\"wppsac-post-date\">\r\n\t\t\t\t\t\t \r\n\t\t\t\t\t\t<span>By Ulla Sehlberg<\/span>\r\n\t\t\t\t\t\t \/ 22 september, 2025\t\t\t\t\t<\/div>\r\n\t\t\t\t\t\t\t\t<div class=\"wppsac-post-content\">\r\n\t\t\t\t\t<div class=\"wppsac-sub-content\">Nu \u00e4r det inte l\u00e4nge till flytt. Men fortfarande ska vi bo h\u00e4r i drygt en vecka. Vad kan vi packa ned? Vad m\u00e5ste vi v\u00e4nta med? Vi packar 1-2 l\u00e5dor per dag. Sedan har vi s\u00e5lt: Soffa, s\u00e4ng, k\u00f6ksbord....<\/div>\r\n\r\n\t\t\t\t\t\t\t\t\t\t<a class=\"wppsac-readmorebtn\" href=\"https:\/\/www.sehlberg.net\/ulla-undrar\/flytt-del-11-rastloshet\/\">Read More<\/a>\r\n\t\t\t\t\t\t\t\t\t<\/div>\r\n\t\t\t\t\t\t\t<\/div>\r\n\t\t<\/div>\r\n\t\t<div class=\"wppsac-post-image-bg\">\r\n\t\t\t<a href=\"https:\/\/www.sehlberg.net\/ulla-undrar\/flytt-del-11-rastloshet\/\">\r\n\t\t\t\t\t\t\t\t<img decoding=\"async\" class=\"wppsac-post-image\"  src=\"https:\/\/www.sehlberg.net\/ulla-undrar\/wp-content\/uploads\/2025\/09\/IMG_7708-scaled-e1758279967507.jpeg\" alt=\"Flytt &#8211; Del 11 &#8211; Rastl\u00f6shet!\" \/>\r\n\t\t\t\t\t\t\t<\/a>\r\n\t\t<\/div>\r\n\t<\/div>\r\n<\/div><div class=\"wppsac-post-slides\">\r\n\t<div class=\"wppsac-post-content-position\">\r\n\t\t<div class=\"wppsac-post-content-left wp-medium-6 wpcolumns\">\r\n\t\t\t<div class=\"wppsac-post-inner-content\">\r\n\t\t\t\t\t\t\t\t<div class=\"wppsac-post-categories\"><ul class=\"wppsac-post-categories-list\"><li><a href=\"https:\/\/www.sehlberg.net\/ulla-undrar\/category\/flytt\/\">Flytt<\/a><\/li><\/ul><\/div>\r\n\t\t\t\t\r\n\t\t\t\t<h2 class=\"wppsac-post-title\">\r\n\t\t\t\t\t<a href=\"https:\/\/www.sehlberg.net\/ulla-undrar\/flytt-del-10-inredning\/\">Flytt &#8211; Del 10 &#8211; Inredning!<\/a>\r\n\t\t\t\t<\/h2>\r\n\r\n\t\t\t\t\t\t\t\t\t<div class=\"wppsac-post-date\">\r\n\t\t\t\t\t\t \r\n\t\t\t\t\t\t<span>By Ulla Sehlberg<\/span>\r\n\t\t\t\t\t\t \/ 19 september, 2025\t\t\t\t\t<\/div>\r\n\t\t\t\t\t\t\t\t<div class=\"wppsac-post-content\">\r\n\t\t\t\t\t<div class=\"wppsac-sub-content\">N\u00e4r vi flyttade till v\u00e5rt radhus berodde det p\u00e5 flera saker. Det var omgivningen, planl\u00f6sningen och inredningen. Det var s\u00e5 snyggt och precis v\u00e5r smak. Kanske lite f\u00f6r vitt. Men inte i det som varit mitt arbetsrum. Tapeten som sitter...<\/div>\r\n\r\n\t\t\t\t\t\t\t\t\t\t<a class=\"wppsac-readmorebtn\" href=\"https:\/\/www.sehlberg.net\/ulla-undrar\/flytt-del-10-inredning\/\">Read More<\/a>\r\n\t\t\t\t\t\t\t\t\t<\/div>\r\n\t\t\t\t\t\t\t<\/div>\r\n\t\t<\/div>\r\n\t\t<div class=\"wppsac-post-image-bg\">\r\n\t\t\t<a href=\"https:\/\/www.sehlberg.net\/ulla-undrar\/flytt-del-10-inredning\/\">\r\n\t\t\t\t\t\t\t\t<img decoding=\"async\" class=\"wppsac-post-image\"  src=\"https:\/\/www.sehlberg.net\/ulla-undrar\/wp-content\/uploads\/2025\/09\/IMG_7703-scaled.jpeg\" alt=\"Flytt &#8211; Del 10 &#8211; Inredning!\" \/>\r\n\t\t\t\t\t\t\t<\/a>\r\n\t\t<\/div>\r\n\t<\/div>\r\n<\/div><div class=\"wppsac-post-slides\">\r\n\t<div class=\"wppsac-post-content-position\">\r\n\t\t<div class=\"wppsac-post-content-left wp-medium-6 wpcolumns\">\r\n\t\t\t<div class=\"wppsac-post-inner-content\">\r\n\t\t\t\t\t\t\t\t<div class=\"wppsac-post-categories\"><ul class=\"wppsac-post-categories-list\"><li><a href=\"https:\/\/www.sehlberg.net\/ulla-undrar\/category\/flytt\/\">Flytt<\/a><\/li><\/ul><\/div>\r\n\t\t\t\t\r\n\t\t\t\t<h2 class=\"wppsac-post-title\">\r\n\t\t\t\t\t<a href=\"https:\/\/www.sehlberg.net\/ulla-undrar\/flytt-del-9-flyttlador\/\">Flytt &#8211; Del 9 &#8211; flyttl\u00e5dor!<\/a>\r\n\t\t\t\t<\/h2>\r\n\r\n\t\t\t\t\t\t\t\t\t<div class=\"wppsac-post-date\">\r\n\t\t\t\t\t\t \r\n\t\t\t\t\t\t<span>By Ulla Sehlberg<\/span>\r\n\t\t\t\t\t\t \/ 16 september, 2025\t\t\t\t\t<\/div>\r\n\t\t\t\t\t\t\t\t<div class=\"wppsac-post-content\">\r\n\t\t\t\t\t<div class=\"wppsac-sub-content\">Tack f\u00f6r alla kommentarer till f\u00f6rra inl\u00e4gget. Jag n\u00e4mnde aldrig min morfar eller farfar d\u00e5. Det beror p\u00e5 att b\u00e5da dog redan p\u00e5 40-talet, s\u00e5 dem hann jag aldrig tr\u00e4ffa. Men tillbaka till v\u00e5r flytt: Hur m\u00e5nga flyttl\u00e5dor blir det?...<\/div>\r\n\r\n\t\t\t\t\t\t\t\t\t\t<a class=\"wppsac-readmorebtn\" href=\"https:\/\/www.sehlberg.net\/ulla-undrar\/flytt-del-9-flyttlador\/\">Read More<\/a>\r\n\t\t\t\t\t\t\t\t\t<\/div>\r\n\t\t\t\t\t\t\t<\/div>\r\n\t\t<\/div>\r\n\t\t<div class=\"wppsac-post-image-bg\">\r\n\t\t\t<a href=\"https:\/\/www.sehlberg.net\/ulla-undrar\/flytt-del-9-flyttlador\/\">\r\n\t\t\t\t\t\t\t\t<img decoding=\"async\" class=\"wppsac-post-image\"  src=\"https:\/\/www.sehlberg.net\/ulla-undrar\/wp-content\/uploads\/2025\/09\/IMG_7701-scaled.jpeg\" alt=\"Flytt &#8211; Del 9 &#8211; flyttl\u00e5dor!\" \/>\r\n\t\t\t\t\t\t\t<\/a>\r\n\t\t<\/div>\r\n\t<\/div>\r\n<\/div><div class=\"wppsac-post-slides\">\r\n\t<div class=\"wppsac-post-content-position\">\r\n\t\t<div class=\"wppsac-post-content-left wp-medium-6 wpcolumns\">\r\n\t\t\t<div class=\"wppsac-post-inner-content\">\r\n\t\t\t\t\t\t\t\t<div class=\"wppsac-post-categories\"><ul class=\"wppsac-post-categories-list\"><li><a href=\"https:\/\/www.sehlberg.net\/ulla-undrar\/category\/flytt\/\">Flytt<\/a><\/li><\/ul><\/div>\r\n\t\t\t\t\r\n\t\t\t\t<h2 class=\"wppsac-post-title\">\r\n\t\t\t\t\t<a href=\"https:\/\/www.sehlberg.net\/ulla-undrar\/flytt-del-8-snart-flytt\/\">Flytt &#8211; Del 8  &#8211; snart flytt!<\/a>\r\n\t\t\t\t<\/h2>\r\n\r\n\t\t\t\t\t\t\t\t\t<div class=\"wppsac-post-date\">\r\n\t\t\t\t\t\t \r\n\t\t\t\t\t\t<span>By Ulla Sehlberg<\/span>\r\n\t\t\t\t\t\t \/ 9 september, 2025\t\t\t\t\t<\/div>\r\n\t\t\t\t\t\t\t\t<div class=\"wppsac-post-content\">\r\n\t\t\t\t\t<div class=\"wppsac-sub-content\">D\u00e5 min rygg pl\u00e5gat mig hela sommaren, har jag f\u00e5tt v\u00e4lja bort att blogga. Ryggen v\u00e4rker fortfarande. Men \u00e4r lite b\u00e4ttre, s\u00e5 lite bloggande ska jag nog klara. Tanden \u00e4r rotfylld, men sprack sedan. S\u00e5 tandl\u00e4karbes\u00f6ken forts\u00e4tter. Flytten d\u00e5? Vi...<\/div>\r\n\r\n\t\t\t\t\t\t\t\t\t\t<a class=\"wppsac-readmorebtn\" href=\"https:\/\/www.sehlberg.net\/ulla-undrar\/flytt-del-8-snart-flytt\/\">Read More<\/a>\r\n\t\t\t\t\t\t\t\t\t<\/div>\r\n\t\t\t\t\t\t\t<\/div>\r\n\t\t<\/div>\r\n\t\t<div class=\"wppsac-post-image-bg\">\r\n\t\t\t<a href=\"https:\/\/www.sehlberg.net\/ulla-undrar\/flytt-del-8-snart-flytt\/\">\r\n\t\t\t\t\t\t\t\t<img decoding=\"async\" class=\"wppsac-post-image\"  src=\"https:\/\/www.sehlberg.net\/ulla-undrar\/wp-content\/uploads\/2025\/09\/IMG_7700-scaled.jpeg\" alt=\"Flytt &#8211; Del 8  &#8211; snart flytt!\" \/>\r\n\t\t\t\t\t\t\t<\/a>\r\n\t\t<\/div>\r\n\t<\/div>\r\n<\/div><div class=\"wppsac-post-slides\">\r\n\t<div class=\"wppsac-post-content-position\">\r\n\t\t<div class=\"wppsac-post-content-left wp-medium-6 wpcolumns\">\r\n\t\t\t<div class=\"wppsac-post-inner-content\">\r\n\t\t\t\t\t\t\t\t<div class=\"wppsac-post-categories\"><ul class=\"wppsac-post-categories-list\"><li><a href=\"https:\/\/www.sehlberg.net\/ulla-undrar\/category\/flytt\/\">Flytt<\/a><\/li><\/ul><\/div>\r\n\t\t\t\t\r\n\t\t\t\t<h2 class=\"wppsac-post-title\">\r\n\t\t\t\t\t<a href=\"https:\/\/www.sehlberg.net\/ulla-undrar\/flytt-del-7-salt-och-ont\/\">Flytt &#8211; Del 7 s\u00e5lt och ont!<\/a>\r\n\t\t\t\t<\/h2>\r\n\r\n\t\t\t\t\t\t\t\t\t<div class=\"wppsac-post-date\">\r\n\t\t\t\t\t\t \r\n\t\t\t\t\t\t<span>By Ulla Sehlberg<\/span>\r\n\t\t\t\t\t\t \/ 7 september, 2025\t\t\t\t\t<\/div>\r\n\t\t\t\t\t\t\t\t<div class=\"wppsac-post-content\">\r\n\t\t\t\t\t<div class=\"wppsac-sub-content\">Efter tv\u00e5 visningar blev det budgivning. Vi har nu skrivit kontrakt med ett trevligt par med en liten pojke. Det k\u00e4ndes bra. Vi best\u00e4mde att inflyttning skulle bli i oktober, s\u00e5 nu har vi ett tag p\u00e5 oss att packa....<\/div>\r\n\r\n\t\t\t\t\t\t\t\t\t\t<a class=\"wppsac-readmorebtn\" href=\"https:\/\/www.sehlberg.net\/ulla-undrar\/flytt-del-7-salt-och-ont\/\">Read More<\/a>\r\n\t\t\t\t\t\t\t\t\t<\/div>\r\n\t\t\t\t\t\t\t<\/div>\r\n\t\t<\/div>\r\n\t\t<div class=\"wppsac-post-image-bg\">\r\n\t\t\t<a href=\"https:\/\/www.sehlberg.net\/ulla-undrar\/flytt-del-7-salt-och-ont\/\">\r\n\t\t\t\t\t\t\t\t<img decoding=\"async\" class=\"wppsac-post-image\"  src=\"https:\/\/www.sehlberg.net\/ulla-undrar\/wp-content\/uploads\/2021\/11\/allt-forloper-fint.jpeg\" alt=\"Flytt &#8211; Del 7 s\u00e5lt och ont!\" \/>\r\n\t\t\t\t\t\t\t<\/a>\r\n\t\t<\/div>\r\n\t<\/div>\r\n<\/div><div class=\"wppsac-post-slides\">\r\n\t<div class=\"wppsac-post-content-position\">\r\n\t\t<div class=\"wppsac-post-content-left wp-medium-6 wpcolumns\">\r\n\t\t\t<div class=\"wppsac-post-inner-content\">\r\n\t\t\t\t\t\t\t\t<div class=\"wppsac-post-categories\"><ul class=\"wppsac-post-categories-list\"><li><a href=\"https:\/\/www.sehlberg.net\/ulla-undrar\/category\/resor\/\">Resor<\/a><\/li><\/ul><\/div>\r\n\t\t\t\t\r\n\t\t\t\t<h2 class=\"wppsac-post-title\">\r\n\t\t\t\t\t<a href=\"https:\/\/www.sehlberg.net\/ulla-undrar\/att-kopa-en-ko\/\">Att k\u00f6pa en ko<\/a>\r\n\t\t\t\t<\/h2>\r\n\r\n\t\t\t\t\t\t\t\t\t<div class=\"wppsac-post-date\">\r\n\t\t\t\t\t\t \r\n\t\t\t\t\t\t<span>By Ulla Sehlberg<\/span>\r\n\t\t\t\t\t\t \/ 5 juni, 2025\t\t\t\t\t<\/div>\r\n\t\t\t\t\t\t\t\t<div class=\"wppsac-post-content\">\r\n\t\t\t\t\t<div class=\"wppsac-sub-content\">En liten paus fr\u00e5n flytten. H\u00e4r kommer ett blogginl\u00e4gg om n\u00e5got helt annat. Vi funderade ett tag att \u00e5ka till Italien. Det finns s\u00e5 m\u00e5nga fina st\u00e4llen, gamla st\u00e4der, fina sj\u00f6ar och vackra sandstr\u00e4nder. Sen \u00e4r ju maten v\u00e4ldigt god....<\/div>\r\n\r\n\t\t\t\t\t\t\t\t\t\t<a class=\"wppsac-readmorebtn\" href=\"https:\/\/www.sehlberg.net\/ulla-undrar\/att-kopa-en-ko\/\">Read More<\/a>\r\n\t\t\t\t\t\t\t\t\t<\/div>\r\n\t\t\t\t\t\t\t<\/div>\r\n\t\t<\/div>\r\n\t\t<div class=\"wppsac-post-image-bg\">\r\n\t\t\t<a href=\"https:\/\/www.sehlberg.net\/ulla-undrar\/att-kopa-en-ko\/\">\r\n\t\t\t\t\t\t\t\t<img decoding=\"async\" class=\"wppsac-post-image\"  src=\"https:\/\/www.sehlberg.net\/ulla-undrar\/wp-content\/uploads\/2025\/01\/1812A446-863A-4FF7-9596-FF2B0DCD369B_1_105_c.jpeg\" alt=\"Att k\u00f6pa en ko\" \/>\r\n\t\t\t\t\t\t\t<\/a>\r\n\t\t<\/div>\r\n\t<\/div>\r\n<\/div>\t\t\t<\/div>\r\n\t\t<\/div>\r\n\t\n\n\n\n<hr class=\"wp-block-separator is-style-wide\"\/>\n\n\n\n<h2 class=\"has-text-align-center wp-block-heading\">St\u00e4mningsbilder<\/h2>\n\n\n\n<figure class=\"wp-block-gallery columns-3 is-cropped wp-block-gallery-1 is-layout-flex wp-block-gallery-is-layout-flex\"><ul class=\"blocks-gallery-grid\"><li class=\"blocks-gallery-item\"><figure><a href=\"https:\/\/www.sehlberg.net\/ulla-undrar\/wp-content\/uploads\/2020\/03\/IMG_4820.jpg\" data-lightbox=\"gal[1450]\"><img loading=\"lazy\" decoding=\"async\" width=\"1024\" height=\"768\" src=\"https:\/\/www.sehlberg.net\/ulla-undrar\/wp-content\/uploads\/2020\/03\/IMG_4820.jpg\" alt=\"\" data-id=\"165\" data-full-url=\"https:\/\/www.sehlberg.net\/ulla-undrar\/wp-content\/uploads\/2020\/03\/IMG_4820.jpg\" data-link=\"https:\/\/www.sehlberg.net\/ulla-undrar\/hem\/img_4820\/\" class=\"wp-image-165\" srcset=\"https:\/\/www.sehlberg.net\/ulla-undrar\/wp-content\/uploads\/2020\/03\/IMG_4820.jpg 1024w, https:\/\/www.sehlberg.net\/ulla-undrar\/wp-content\/uploads\/2020\/03\/IMG_4820-300x225.jpg 300w, https:\/\/www.sehlberg.net\/ulla-undrar\/wp-content\/uploads\/2020\/03\/IMG_4820-768x576.jpg 768w\" sizes=\"auto, (max-width: 1024px) 100vw, 1024px\" \/><\/a><figcaption class=\"blocks-gallery-item__caption\">Sagov\u00e4gen kv\u00e4llssol<\/figcaption><\/figure><\/li><li class=\"blocks-gallery-item\"><figure><a href=\"https:\/\/www.sehlberg.net\/ulla-undrar\/wp-content\/uploads\/2020\/03\/IMG_2573-1024x768-1.jpg\" data-lightbox=\"gal[1450]\"><img loading=\"lazy\" decoding=\"async\" width=\"1024\" height=\"768\" src=\"https:\/\/www.sehlberg.net\/ulla-undrar\/wp-content\/uploads\/2020\/03\/IMG_2573-1024x768-1.jpg\" alt=\"\" data-id=\"166\" data-full-url=\"https:\/\/www.sehlberg.net\/ulla-undrar\/wp-content\/uploads\/2020\/03\/IMG_2573-1024x768-1.jpg\" data-link=\"https:\/\/www.sehlberg.net\/ulla-undrar\/hem\/img_2573-1024x768\/\" class=\"wp-image-166\" srcset=\"https:\/\/www.sehlberg.net\/ulla-undrar\/wp-content\/uploads\/2020\/03\/IMG_2573-1024x768-1.jpg 1024w, https:\/\/www.sehlberg.net\/ulla-undrar\/wp-content\/uploads\/2020\/03\/IMG_2573-1024x768-1-300x225.jpg 300w, https:\/\/www.sehlberg.net\/ulla-undrar\/wp-content\/uploads\/2020\/03\/IMG_2573-1024x768-1-768x576.jpg 768w\" sizes=\"auto, (max-width: 1024px) 100vw, 1024px\" \/><\/a><figcaption class=\"blocks-gallery-item__caption\">Sike\u00e5 Hamn kv\u00e4llssol<\/figcaption><\/figure><\/li><li class=\"blocks-gallery-item\"><figure><a href=\"https:\/\/www.sehlberg.net\/ulla-undrar\/wp-content\/uploads\/2020\/03\/sommarlulealv.png\" data-lightbox=\"gal[1450]\"><img loading=\"lazy\" decoding=\"async\" width=\"1024\" height=\"768\" src=\"https:\/\/www.sehlberg.net\/ulla-undrar\/wp-content\/uploads\/2020\/03\/sommarlulealv.png\" alt=\"\" data-id=\"167\" data-full-url=\"https:\/\/www.sehlberg.net\/ulla-undrar\/wp-content\/uploads\/2020\/03\/sommarlulealv.png\" data-link=\"https:\/\/www.sehlberg.net\/ulla-undrar\/hem\/sommarlulealv\/\" class=\"wp-image-167\" srcset=\"https:\/\/www.sehlberg.net\/ulla-undrar\/wp-content\/uploads\/2020\/03\/sommarlulealv.png 1024w, https:\/\/www.sehlberg.net\/ulla-undrar\/wp-content\/uploads\/2020\/03\/sommarlulealv-300x225.png 300w, https:\/\/www.sehlberg.net\/ulla-undrar\/wp-content\/uploads\/2020\/03\/sommarlulealv-768x576.png 768w\" sizes=\"auto, (max-width: 1024px) 100vw, 1024px\" \/><\/a><figcaption class=\"blocks-gallery-item__caption\">Lule \u00e4lv<\/figcaption><\/figure><\/li><li class=\"blocks-gallery-item\"><figure><a href=\"https:\/\/www.sehlberg.net\/ulla-undrar\/wp-content\/uploads\/2020\/03\/IMG_3953.jpg\" data-lightbox=\"gal[1450]\"><img loading=\"lazy\" decoding=\"async\" width=\"1024\" height=\"768\" src=\"https:\/\/www.sehlberg.net\/ulla-undrar\/wp-content\/uploads\/2020\/03\/IMG_3953.jpg\" alt=\"\" data-id=\"168\" data-full-url=\"https:\/\/www.sehlberg.net\/ulla-undrar\/wp-content\/uploads\/2020\/03\/IMG_3953.jpg\" data-link=\"https:\/\/www.sehlberg.net\/ulla-undrar\/hem\/img_3953\/\" class=\"wp-image-168\" srcset=\"https:\/\/www.sehlberg.net\/ulla-undrar\/wp-content\/uploads\/2020\/03\/IMG_3953.jpg 1024w, https:\/\/www.sehlberg.net\/ulla-undrar\/wp-content\/uploads\/2020\/03\/IMG_3953-300x225.jpg 300w, https:\/\/www.sehlberg.net\/ulla-undrar\/wp-content\/uploads\/2020\/03\/IMG_3953-768x576.jpg 768w\" sizes=\"auto, (max-width: 1024px) 100vw, 1024px\" \/><\/a><figcaption class=\"blocks-gallery-item__caption\">Sike\u00e5 Hamn morgonsol<\/figcaption><\/figure><\/li><li class=\"blocks-gallery-item\"><figure><a href=\"https:\/\/www.sehlberg.net\/ulla-undrar\/wp-content\/uploads\/2020\/03\/IMG_4749.jpg\" data-lightbox=\"gal[1450]\"><img loading=\"lazy\" decoding=\"async\" width=\"1024\" height=\"768\" src=\"https:\/\/www.sehlberg.net\/ulla-undrar\/wp-content\/uploads\/2020\/03\/IMG_4749.jpg\" alt=\"\" data-id=\"169\" data-full-url=\"https:\/\/www.sehlberg.net\/ulla-undrar\/wp-content\/uploads\/2020\/03\/IMG_4749.jpg\" data-link=\"https:\/\/www.sehlberg.net\/ulla-undrar\/hem\/img_4749\/\" class=\"wp-image-169\" srcset=\"https:\/\/www.sehlberg.net\/ulla-undrar\/wp-content\/uploads\/2020\/03\/IMG_4749.jpg 1024w, https:\/\/www.sehlberg.net\/ulla-undrar\/wp-content\/uploads\/2020\/03\/IMG_4749-300x225.jpg 300w, https:\/\/www.sehlberg.net\/ulla-undrar\/wp-content\/uploads\/2020\/03\/IMG_4749-768x576.jpg 768w\" sizes=\"auto, (max-width: 1024px) 100vw, 1024px\" \/><\/a><figcaption class=\"blocks-gallery-item__caption\">V\u00e4stbolandet kv\u00e4llssol<\/figcaption><\/figure><\/li><\/ul><\/figure>\n\n\n\n<p>Copyright (C) Ulla Sehlberg, 2022<\/p>\n","protected":false},"excerpt":{"rendered":"<p>I mars 2020 s\u00e5 l\u00e4mnade jag yrkeslivet och blev pension\u00e4r. I kalendern finns numera inte en massa m\u00f6ten\/sammantr\u00e4den inplanerade. Men jag har fortfarande planer och en av dem \u00e4r att skriva. I min blogg kan du l\u00e4sa om mina undringar, men ocks\u00e5 f\u00f6lja med i en del kortare och l\u00e4ngre texter jag skrivit. Vill du [&hellip;]<\/p>\n","protected":false},"author":1,"featured_media":0,"parent":0,"menu_order":0,"comment_status":"closed","ping_status":"closed","template":"","meta":{"footnotes":""},"class_list":["post-44","page","type-page","status-publish","hentry"],"_links":{"self":[{"href":"https:\/\/www.sehlberg.net\/ulla-undrar\/wp-json\/wp\/v2\/pages\/44","targetHints":{"allow":["GET"]}}],"collection":[{"href":"https:\/\/www.sehlberg.net\/ulla-undrar\/wp-json\/wp\/v2\/pages"}],"about":[{"href":"https:\/\/www.sehlberg.net\/ulla-undrar\/wp-json\/wp\/v2\/types\/page"}],"author":[{"embeddable":true,"href":"https:\/\/www.sehlberg.net\/ulla-undrar\/wp-json\/wp\/v2\/users\/1"}],"replies":[{"embeddable":true,"href":"https:\/\/www.sehlberg.net\/ulla-undrar\/wp-json\/wp\/v2\/comments?post=44"}],"version-history":[{"count":79,"href":"https:\/\/www.sehlberg.net\/ulla-undrar\/wp-json\/wp\/v2\/pages\/44\/revisions"}],"predecessor-version":[{"id":1252,"href":"https:\/\/www.sehlberg.net\/ulla-undrar\/wp-json\/wp\/v2\/pages\/44\/revisions\/1252"}],"wp:attachment":[{"href":"https:\/\/www.sehlberg.net\/ulla-undrar\/wp-json\/wp\/v2\/media?parent=44"}],"curies":[{"name":"wp","href":"https:\/\/api.w.org\/{rel}","templated":true}]}}